{"id":71,"date":"2017-01-18T11:59:26","date_gmt":"2017-01-18T10:59:26","guid":{"rendered":"https:\/\/www.isvin.fr\/?page_id=71"},"modified":"2026-04-24T12:24:34","modified_gmt":"2026-04-24T10:24:34","slug":"accueil","status":"publish","type":"page","link":"https:\/\/www.isvin.fr\/en\/","title":{"rendered":"Home"},"content":{"rendered":"<p>[et_pb_section fb_built=\u00a0\u00bb1&Prime; _builder_version=\u00a0\u00bb4.27.4&Prime; _module_preset=\u00a0\u00bbdefault\u00a0\u00bb background_image=\u00a0\u00bbhttps:\/\/www.isvin.fr\/wp-content\/uploads\/2025\/11\/Design-sans-titre-4.png\u00a0\u00bb custom_margin=\u00a0\u00bb||0px||false|false\u00a0\u00bb custom_padding=\u00a0\u00bb||0px||false|false\u00a0\u00bb global_colors_info=\u00a0\u00bb{}\u00a0\u00bb][et_pb_row admin_label=\u00a0\u00bbLigne\u00a0\u00bb _builder_version=\u00a0\u00bb4.27.4&Prime; _module_preset=\u00a0\u00bbdefault\u00a0\u00bb background_color=\u00a0\u00bb#FFFFFF\u00a0\u00bb custom_margin=\u00a0\u00bb||0px||false|false\u00a0\u00bb custom_padding=\u00a0\u00bb0px|0px|10px|0px|false|false\u00a0\u00bb global_colors_info=\u00a0\u00bb{}\u00a0\u00bb][et_pb_column type=\u00a0\u00bb4_4&Prime; _builder_version=\u00a0\u00bb4.27.4&Prime; _module_preset=\u00a0\u00bbdefault\u00a0\u00bb global_colors_info=\u00a0\u00bb{}\u00a0\u00bb][et_pb_text admin_label=\u00a0\u00bbTexte\u00a0\u00bb _builder_version=\u00a0\u00bb4.27.4&Prime; _module_preset=\u00a0\u00bbdefault\u00a0\u00bb background_color=\u00a0\u00bb#FFFFFF\u00a0\u00bb text_orientation=\u00a0\u00bbjustified\u00a0\u00bb custom_margin=\u00a0\u00bb|||5px|false|false\u00a0\u00bb custom_padding=\u00a0\u00bb15px|15px|15px|15px|false|false\u00a0\u00bb global_colors_info=\u00a0\u00bb{}\u00a0\u00bb]<\/p>\n<h1 data-pm-slice=\"1 1 []\">L&rsquo;\u00e9cole de commerce sp\u00e9cialis\u00e9e vins et spiritueux<\/h1>\n<p data-pm-slice=\"1 1 []\">L\u2019Institut Sup\u00e9rieur du Vin (ISV) est l\u2019\u00e9cole de commerce sp\u00e9cialis\u00e9e dans les vins et spiritueux \u00e0 Montpellier. Nos formations certifi\u00e9es, 100 % d\u00e9di\u00e9es au secteur et r\u00e9alisables en alternance, forment des experts op\u00e9rationnels recherch\u00e9s par les entreprises. Gr\u00e2ce \u00e0 des promotions limit\u00e9es \u00e0 25 \u00e9tudiants, l\u2019ISV offre un accompagnement personnalis\u00e9 et un apprentissage de haute qualit\u00e9.<\/p>\n<p>[\/et_pb_text][\/et_pb_column][\/et_pb_row][et_pb_row column_structure=\u00a0\u00bb1_2,1_2&Prime; _builder_version=\u00a0\u00bb4.27.4&Prime; _module_preset=\u00a0\u00bbdefault\u00a0\u00bb global_colors_info=\u00a0\u00bb{}\u00a0\u00bb][et_pb_column type=\u00a0\u00bb1_2&Prime; _builder_version=\u00a0\u00bb4.27.4&Prime; _module_preset=\u00a0\u00bbdefault\u00a0\u00bb global_colors_info=\u00a0\u00bb{}\u00a0\u00bb][et_pb_button button_url=\u00a0\u00bbhttps:\/\/form.isvin.fr\/?c3103225-40e2-49cf-8aa2-ae86dfe511dc-commercial_list-gge-af-connector-lead-form-front-form-2=93c30d28-a215-4529-9850-3018d0d75e04&#038;4c12382a-1972-44d0-9cd4-07b44900fb2e-commercial_list-gge-af-connector-lead-form-front-form-2=ce2a2b12-20cb-478c-8ebc-2679f4d129ce\u00a0\u00bb button_text=\u00a0\u00bbBROCHURES\u00a0\u00bb button_alignment=\u00a0\u00bbcenter\u00a0\u00bb _builder_version=\u00a0\u00bb4.27.4&Prime; _module_preset=\u00a0\u00bbdefault\u00a0\u00bb custom_button=\u00a0\u00bbon\u00a0\u00bb button_text_size=\u00a0\u00bb21px\u00a0\u00bb button_text_color=\u00a0\u00bb#FFFFFF\u00a0\u00bb button_bg_color=\u00a0\u00bb#700606&Prime; custom_margin=\u00a0\u00bb||0px||false|false\u00a0\u00bb custom_padding=\u00a0\u00bb||0px||false|false\u00a0\u00bb global_colors_info=\u00a0\u00bb{}\u00a0\u00bb][\/et_pb_button][\/et_pb_column][et_pb_column type=\u00a0\u00bb1_2&Prime; _builder_version=\u00a0\u00bb4.27.4&Prime; _module_preset=\u00a0\u00bbdefault\u00a0\u00bb global_colors_info=\u00a0\u00bb{}\u00a0\u00bb][et_pb_button button_url=\u00a0\u00bbhttps:\/\/www.isvin.fr\/contact-2\/journee-portes-ouvertes-ecole-vin-montpellier\/\u00a0\u00bb button_text=\u00a0\u00bbJourn\u00e9e Portes Ouvertes\u00a0\u00bb button_alignment=\u00a0\u00bbcenter\u00a0\u00bb _builder_version=\u00a0\u00bb4.27.4&Prime; _module_preset=\u00a0\u00bbdefault\u00a0\u00bb custom_button=\u00a0\u00bbon\u00a0\u00bb button_text_size=\u00a0\u00bb21px\u00a0\u00bb button_text_color=\u00a0\u00bb#FFFFFF\u00a0\u00bb button_bg_color=\u00a0\u00bb#700606&Prime; custom_margin=\u00a0\u00bb||0px||false|false\u00a0\u00bb custom_padding=\u00a0\u00bb||0px||false|false\u00a0\u00bb global_colors_info=\u00a0\u00bb{}\u00a0\u00bb][\/et_pb_button][\/et_pb_column][\/et_pb_row][\/et_pb_section][et_pb_section fb_built=\u00a0\u00bb1&Prime; _builder_version=\u00a0\u00bb4.27.4&Prime; _module_preset=\u00a0\u00bbdefault\u00a0\u00bb custom_margin=\u00a0\u00bb0px||0px||false|false\u00a0\u00bb custom_padding=\u00a0\u00bb0px||0px||false|false\u00a0\u00bb global_colors_info=\u00a0\u00bb{}\u00a0\u00bb][et_pb_row _builder_version=\u00a0\u00bb4.27.4&Prime; _module_preset=\u00a0\u00bbdefault\u00a0\u00bb custom_margin=\u00a0\u00bb0px||0px||false|false\u00a0\u00bb custom_padding=\u00a0\u00bb0px||0px||false|false\u00a0\u00bb global_colors_info=\u00a0\u00bb{}\u00a0\u00bb][et_pb_column type=\u00a0\u00bb4_4&Prime; _builder_version=\u00a0\u00bb4.27.4&Prime; _module_preset=\u00a0\u00bbdefault\u00a0\u00bb global_colors_info=\u00a0\u00bb{}\u00a0\u00bb][et_pb_text admin_label=\u00a0\u00bbTexte\u00a0\u00bb _builder_version=\u00a0\u00bb4.27.4&Prime; _module_preset=\u00a0\u00bbdefault\u00a0\u00bb text_orientation=\u00a0\u00bbcenter\u00a0\u00bb custom_margin=\u00a0\u00bb0px||||false|false\u00a0\u00bb custom_padding=\u00a0\u00bb0px||||false|false\u00a0\u00bb global_colors_info=\u00a0\u00bb{}\u00a0\u00bb]<\/p>\n<h2 data-start=\"576\" data-end=\"600\"><strong data-start=\"580\" data-end=\"598\">Nos formations<\/strong><\/h2>\n<p>Des programmes certifi\u00e9s par l\u2019\u00c9tat, con\u00e7us par les professionnels du vin. Formez vous en alternance, du Bachelor au Mast\u00e8re<\/p>\n<p>[\/et_pb_text][\/et_pb_column][\/et_pb_row][et_pb_row column_structure=\u00a0\u00bb1_4,1_4,1_4,1_4&Prime; _builder_version=\u00a0\u00bb4.27.4&Prime; _module_preset=\u00a0\u00bbdefault\u00a0\u00bb global_colors_info=\u00a0\u00bb{}\u00a0\u00bb][et_pb_column type=\u00a0\u00bb1_4&Prime; _builder_version=\u00a0\u00bb4.27.4&Prime; _module_preset=\u00a0\u00bbdefault\u00a0\u00bb global_colors_info=\u00a0\u00bb{}\u00a0\u00bb][et_pb_image src=\u00a0\u00bbhttps:\/\/www.isvin.fr\/wp-content\/uploads\/2025\/11\/1-2.png\u00a0\u00bb alt=\u00a0\u00bb\u00e9cole de commerce des vins\u00a0\u00bb title_text=\u00a0\u00bb1&Prime; admin_label=\u00a0\u00bbImage\u00a0\u00bb _builder_version=\u00a0\u00bb4.27.4&Prime; _module_preset=\u00a0\u00bbdefault\u00a0\u00bb custom_margin=\u00a0\u00bb|10px||5px|false|false\u00a0\u00bb global_colors_info=\u00a0\u00bb{}\u00a0\u00bb][\/et_pb_image][et_pb_text admin_label=\u00a0\u00bbTexte\u00a0\u00bb _builder_version=\u00a0\u00bb4.27.4&Prime; _module_preset=\u00a0\u00bbdefault\u00a0\u00bb custom_margin=\u00a0\u00bb||||false|false\u00a0\u00bb custom_padding=\u00a0\u00bb15px|||15px|false|false\u00a0\u00bb global_colors_info=\u00a0\u00bb{}\u00a0\u00bb]<\/p>\n<h4><strong>Bachelor Commerce et Marketing des Vins et Spiritueux<\/strong><br \/><em>Acc\u00e8s Bac+2 \u00b7 12 mois\u00a0<\/em><br data-start=\"871\" data-end=\"874\" \/>Devenez un expert en vente et marketing sur le march\u00e9 fran\u00e7ais.<\/h4>\n<p>[\/et_pb_text][et_pb_button button_url=\u00a0\u00bbhttps:\/\/www.isvin.fr\/formations\/bachelor-commerce-et-marketing-du-vin\/\u00a0\u00bb url_new_window=\u00a0\u00bbon\u00a0\u00bb button_text=\u00a0\u00bbEn savoir +\u00a0\u00bb button_alignment=\u00a0\u00bbcenter\u00a0\u00bb admin_label=\u00a0\u00bbBouton\u00a0\u00bb _builder_version=\u00a0\u00bb4.27.4&Prime; _module_preset=\u00a0\u00bbdefault\u00a0\u00bb custom_button=\u00a0\u00bbon\u00a0\u00bb button_text_size=\u00a0\u00bb18px\u00a0\u00bb button_text_color=\u00a0\u00bb#FFFFFF\u00a0\u00bb button_bg_color=\u00a0\u00bb#6b0707&Prime; global_colors_info=\u00a0\u00bb{}\u00a0\u00bb][\/et_pb_button][\/et_pb_column][et_pb_column type=\u00a0\u00bb1_4&Prime; _builder_version=\u00a0\u00bb4.27.4&Prime; _module_preset=\u00a0\u00bbdefault\u00a0\u00bb global_colors_info=\u00a0\u00bb{}\u00a0\u00bb][et_pb_image src=\u00a0\u00bbhttps:\/\/www.isvin.fr\/wp-content\/uploads\/2025\/11\/2-1.png\u00a0\u00bb alt=\u00a0\u00bb\u00e9cole de commerce des vins\u00a0\u00bb title_text=\u00a0\u00bb2&Prime; admin_label=\u00a0\u00bbImage\u00a0\u00bb _builder_version=\u00a0\u00bb4.27.4&Prime; _module_preset=\u00a0\u00bbdefault\u00a0\u00bb custom_margin=\u00a0\u00bb|10px||5px|false|false\u00a0\u00bb global_colors_info=\u00a0\u00bb{}\u00a0\u00bb][\/et_pb_image][et_pb_text admin_label=\u00a0\u00bbTexte\u00a0\u00bb _builder_version=\u00a0\u00bb4.27.4&Prime; _module_preset=\u00a0\u00bbdefault\u00a0\u00bb custom_margin=\u00a0\u00bb||||false|false\u00a0\u00bb custom_padding=\u00a0\u00bb15px|||15px|false|false\u00a0\u00bb global_colors_info=\u00a0\u00bb{}\u00a0\u00bb]<\/p>\n<h4><strong data-start=\"605\" data-end=\"662\">Bachelor \u0152notourisme et Marketing des Vins et Spiritueux<br \/><\/strong><em>Acc\u00e8s Bac+2 \u00b7 12 mois<\/em>\u00a0<br data-start=\"871\" data-end=\"874\" \/>Cr\u00e9ez et commercialisez des exp\u00e9riences \u0153notouristiques uniques.<\/h4>\n<p>[\/et_pb_text][et_pb_button button_url=\u00a0\u00bbhttps:\/\/www.isvin.fr\/formations\/bachelor-oenotourisme-marketing-du-vin\/\u00a0\u00bb url_new_window=\u00a0\u00bbon\u00a0\u00bb button_text=\u00a0\u00bbEn savoir +\u00a0\u00bb button_alignment=\u00a0\u00bbcenter\u00a0\u00bb admin_label=\u00a0\u00bbBouton\u00a0\u00bb _builder_version=\u00a0\u00bb4.27.4&Prime; _module_preset=\u00a0\u00bbdefault\u00a0\u00bb custom_button=\u00a0\u00bbon\u00a0\u00bb button_text_size=\u00a0\u00bb18px\u00a0\u00bb button_text_color=\u00a0\u00bb#FFFFFF\u00a0\u00bb button_bg_color=\u00a0\u00bb#6b0707&Prime; global_colors_info=\u00a0\u00bb{}\u00a0\u00bb][\/et_pb_button][\/et_pb_column][et_pb_column type=\u00a0\u00bb1_4&Prime; _builder_version=\u00a0\u00bb4.27.4&Prime; _module_preset=\u00a0\u00bbdefault\u00a0\u00bb global_colors_info=\u00a0\u00bb{}\u00a0\u00bb][et_pb_image src=\u00a0\u00bbhttps:\/\/www.isvin.fr\/wp-content\/uploads\/2025\/11\/3-1.png\u00a0\u00bb alt=\u00a0\u00bbMaster vin\u00a0\u00bb title_text=\u00a0\u00bb3&Prime; align=\u00a0\u00bbcenter\u00a0\u00bb _builder_version=\u00a0\u00bb4.27.4&Prime; _module_preset=\u00a0\u00bbdefault\u00a0\u00bb custom_margin=\u00a0\u00bb|10px||5px|false|false\u00a0\u00bb global_colors_info=\u00a0\u00bb{}\u00a0\u00bb][\/et_pb_image][et_pb_text admin_label=\u00a0\u00bbTexte\u00a0\u00bb _builder_version=\u00a0\u00bb4.27.4&Prime; _module_preset=\u00a0\u00bbdefault\u00a0\u00bb custom_margin=\u00a0\u00bb||||false|false\u00a0\u00bb custom_padding=\u00a0\u00bb15px|||15px|false|false\u00a0\u00bb global_colors_info=\u00a0\u00bb{}\u00a0\u00bb]<\/p>\n<h4><strong data-start=\"820\" data-end=\"871\">Mast\u00e8re Wine &amp; Spirits International Management<br \/><\/strong><em>Acc\u00e8s Bac+3 \u00b7 24 mois\u00a0<\/em><strong style=\"color: #666666; font-size: 14px;\" data-start=\"1329\" data-end=\"1373\"><br \/><\/strong>Devenez un manager sp\u00e9cialis\u00e9 dans le commerce des vins et spiritueux<\/h4>\n<p>[\/et_pb_text][et_pb_button button_url=\u00a0\u00bbhttps:\/\/www.isvin.fr\/formations\/mba-wine-and-spirits-international-management\/\u00a0\u00bb url_new_window=\u00a0\u00bbon\u00a0\u00bb button_text=\u00a0\u00bbEn savoir +\u00a0\u00bb button_alignment=\u00a0\u00bbcenter\u00a0\u00bb admin_label=\u00a0\u00bbBouton\u00a0\u00bb _builder_version=\u00a0\u00bb4.27.4&Prime; _module_preset=\u00a0\u00bbdefault\u00a0\u00bb custom_button=\u00a0\u00bbon\u00a0\u00bb button_text_size=\u00a0\u00bb18px\u00a0\u00bb button_text_color=\u00a0\u00bb#FFFFFF\u00a0\u00bb button_bg_color=\u00a0\u00bb#6b0707&Prime; global_colors_info=\u00a0\u00bb{}\u00a0\u00bb][\/et_pb_button][\/et_pb_column][et_pb_column type=\u00a0\u00bb1_4&Prime; _builder_version=\u00a0\u00bb4.27.4&Prime; _module_preset=\u00a0\u00bbdefault\u00a0\u00bb global_colors_info=\u00a0\u00bb{}\u00a0\u00bb][et_pb_image src=\u00a0\u00bbhttps:\/\/www.isvin.fr\/wp-content\/uploads\/2025\/11\/4-1.png\u00a0\u00bb alt=\u00a0\u00bbMaster vin\u00a0\u00bb title_text=\u00a0\u00bb4&Prime; align=\u00a0\u00bbright\u00a0\u00bb _builder_version=\u00a0\u00bb4.27.4&Prime; _module_preset=\u00a0\u00bbdefault\u00a0\u00bb custom_margin=\u00a0\u00bb|10px||5px|false|false\u00a0\u00bb global_colors_info=\u00a0\u00bb{}\u00a0\u00bb][\/et_pb_image][et_pb_text admin_label=\u00a0\u00bbTexte\u00a0\u00bb _builder_version=\u00a0\u00bb4.27.4&Prime; _module_preset=\u00a0\u00bbdefault\u00a0\u00bb custom_margin=\u00a0\u00bb||||false|false\u00a0\u00bb custom_padding=\u00a0\u00bb15px|||15px|false|false\u00a0\u00bb global_colors_info=\u00a0\u00bb{}\u00a0\u00bb]<\/p>\n<h4><strong data-start=\"820\" data-end=\"871\">Mast\u00e8re Wine &amp; Spirits International Management<br \/><\/strong><em>Acc\u00e8s Bac+3 \u00b7 24 mois\u00a0<\/em><strong style=\"color: #666666; font-size: 14px;\" data-start=\"1329\" data-end=\"1373\"><br \/><\/strong>Devenez un manager sp\u00e9cialis\u00e9 dans le commerce des vins et spiritueux<\/h4>\n<p>[\/et_pb_text][et_pb_button button_url=\u00a0\u00bbhttps:\/\/www.isvin.fr\/formations\/mba2-wine-and-spirit-international-management\/\u00a0\u00bb url_new_window=\u00a0\u00bbon\u00a0\u00bb button_text=\u00a0\u00bbEn savoir +\u00a0\u00bb button_alignment=\u00a0\u00bbcenter\u00a0\u00bb admin_label=\u00a0\u00bbBouton\u00a0\u00bb _builder_version=\u00a0\u00bb4.27.4&Prime; _module_preset=\u00a0\u00bbdefault\u00a0\u00bb custom_button=\u00a0\u00bbon\u00a0\u00bb button_text_size=\u00a0\u00bb18px\u00a0\u00bb button_text_color=\u00a0\u00bb#FFFFFF\u00a0\u00bb button_bg_color=\u00a0\u00bb#6b0707&Prime; global_colors_info=\u00a0\u00bb{}\u00a0\u00bb][\/et_pb_button][\/et_pb_column][\/et_pb_row][\/et_pb_section][et_pb_section fb_built=\u00a0\u00bb1&Prime; specialty=\u00a0\u00bbon\u00a0\u00bb padding_top_1=\u00a0\u00bb0px\u00a0\u00bb padding_top_2=\u00a0\u00bb0px\u00a0\u00bb padding_top_bottom_link_1=\u00a0\u00bbfalse\u00a0\u00bb padding_top_bottom_link_2=\u00a0\u00bbfalse\u00a0\u00bb padding_left_right_link_1=\u00a0\u00bbfalse\u00a0\u00bb padding_left_right_link_2=\u00a0\u00bbfalse\u00a0\u00bb _builder_version=\u00a0\u00bb4.27.4&Prime; _module_preset=\u00a0\u00bbdefault\u00a0\u00bb background_color=\u00a0\u00bbrgba(213,170,160,0.39)\u00a0\u00bb custom_margin=\u00a0\u00bb0px|0px|0px|0px|false|false\u00a0\u00bb custom_padding=\u00a0\u00bb0px|0px|0px|0px|false|false\u00a0\u00bb global_colors_info=\u00a0\u00bb{}\u00a0\u00bb][et_pb_column type=\u00a0\u00bb1_2&Prime; _builder_version=\u00a0\u00bb4.16&Prime; custom_padding=\u00a0\u00bb|||\u00a0\u00bb global_colors_info=\u00a0\u00bb{}\u00a0\u00bb custom_padding__hover=\u00a0\u00bb|||\u00a0\u00bb][et_pb_text _builder_version=\u00a0\u00bb4.27.4&Prime; _module_preset=\u00a0\u00bbdefault\u00a0\u00bb custom_margin=\u00a0\u00bb0px||0px||false|false\u00a0\u00bb custom_padding=\u00a0\u00bb10px|0px|0px|0px|false|false\u00a0\u00bb global_colors_info=\u00a0\u00bb{}\u00a0\u00bb]<\/p>\n<h3 data-start=\"777\" data-end=\"1111\"><strong data-start=\"777\" data-end=\"856\">Vous h\u00e9sitez entre plusieurs formations ou souhaitez valider votre projet ?<\/strong><\/h3>\n<p data-start=\"777\" data-end=\"1111\">Rencontrez Caroline Poulain, notre responsable des admissions. Elle vous guide pas \u00e0 pas, r\u00e9pond \u00e0 toutes vos questions (programmes, alternance, d\u00e9bouch\u00e9s, admissions\u2026) et vous aide \u00e0 choisir la formation la plus adapt\u00e9e \u00e0 votre objectif professionnel.<\/p>\n<p data-start=\"1113\" data-end=\"1220\">\ud83d\udcc5 <strong data-start=\"1116\" data-end=\"1156\">Prenez rendez-vous en quelques clics<\/strong> et repartez avec une vision claire de votre future orientation.<\/p>\n<p>[\/et_pb_text][et_pb_button button_url=\u00a0\u00bbhttps:\/\/events.studizz.fr\/link\/66f2791b9daaf136087eca29&Prime; url_new_window=\u00a0\u00bbon\u00a0\u00bb button_text=\u00a0\u00bbPrendre rendez-vous avec Caroline\u00a0\u00bb button_alignment=\u00a0\u00bbleft\u00a0\u00bb admin_label=\u00a0\u00bbBouton\u00a0\u00bb _builder_version=\u00a0\u00bb4.27.4&Prime; _module_preset=\u00a0\u00bbdefault\u00a0\u00bb custom_button=\u00a0\u00bbon\u00a0\u00bb button_text_size=\u00a0\u00bb17px\u00a0\u00bb button_text_color=\u00a0\u00bb#ffffff\u00a0\u00bb button_bg_color=\u00a0\u00bb#840e0e\u00a0\u00bb background_layout=\u00a0\u00bbdark\u00a0\u00bb custom_padding=\u00a0\u00bb|5px|||false|false\u00a0\u00bb global_colors_info=\u00a0\u00bb{}\u00a0\u00bb][\/et_pb_button][\/et_pb_column][et_pb_column type=\u00a0\u00bb1_2&Prime; specialty_columns=\u00a0\u00bb2&Prime; _builder_version=\u00a0\u00bb4.16&Prime; custom_padding=\u00a0\u00bb|||\u00a0\u00bb global_colors_info=\u00a0\u00bb{}\u00a0\u00bb custom_padding__hover=\u00a0\u00bb|||\u00a0\u00bb][et_pb_row_inner _builder_version=\u00a0\u00bb4.27.4&Prime; _module_preset=\u00a0\u00bbdefault\u00a0\u00bb global_colors_info=\u00a0\u00bb{}\u00a0\u00bb][et_pb_column_inner saved_specialty_column_type=\u00a0\u00bb1_2&Prime; _builder_version=\u00a0\u00bb4.27.4&Prime; _module_preset=\u00a0\u00bbdefault\u00a0\u00bb global_colors_info=\u00a0\u00bb{}\u00a0\u00bb][et_pb_text _builder_version=\u00a0\u00bb4.27.4&Prime; _module_preset=\u00a0\u00bbdefault\u00a0\u00bb background_color=\u00a0\u00bb#FFFFFF\u00a0\u00bb custom_margin=\u00a0\u00bb|||30px|false|false\u00a0\u00bb custom_padding=\u00a0\u00bb11px|11px|11px|11px|false|false\u00a0\u00bb border_radii=\u00a0\u00bbon|1px|1px|1px|1px\u00a0\u00bb border_width_all=\u00a0\u00bb2px\u00a0\u00bb global_colors_info=\u00a0\u00bb{}\u00a0\u00bb]<\/p>\n<h4><strong>Nos prochains \u00e9v\u00e8nements : Portes Ouvertes &amp; Salons<\/strong><strong>\u00a0<\/strong><\/h4>\n<p data-olk-copy-source=\"MessageBody\">Samedi 24\/01 de 10h00 \u00e0 16h00 : <a href=\"https:\/\/events.studizz.fr\/link\/68caa7bc9daaf1ce0a0fc113\" target=\"_blank\" rel=\"noopener\">Inscriptions<\/a><\/p>\n<p>Samedi 07\/02 Salon Studyrama Montpellier : <a href=\"https:\/\/events.studizz.fr\/link\/68caab689daaf13bf979e8c5\">Inscriptions<\/a>\u00a0\u00a0<\/p>\n<p data-olk-copy-source=\"MessageBody\">Samedi 14\/03 de 10h00 \u00e0 15h00 : <a href=\"https:\/\/events.studizz.fr\/link\/68caa9dd9daaf1b5e95d0cc5\">Inscriptions\u00a0<\/a><\/p>\n<p>[\/et_pb_text][\/et_pb_column_inner][\/et_pb_row_inner][\/et_pb_column][\/et_pb_section][et_pb_section fb_built=\u00a0\u00bb1&Prime; _builder_version=\u00a0\u00bb4.27.4&Prime; _module_preset=\u00a0\u00bbdefault\u00a0\u00bb custom_margin=\u00a0\u00bb0px||0px||false|false\u00a0\u00bb custom_padding=\u00a0\u00bb0px||0px||false|false\u00a0\u00bb global_colors_info=\u00a0\u00bb{}\u00a0\u00bb][et_pb_row column_structure=\u00a0\u00bb1_2,1_2&Prime; _builder_version=\u00a0\u00bb4.27.4&Prime; _module_preset=\u00a0\u00bbdefault\u00a0\u00bb custom_margin=\u00a0\u00bb0px||||false|false\u00a0\u00bb custom_padding=\u00a0\u00bb0px||||false|false\u00a0\u00bb global_colors_info=\u00a0\u00bb{}\u00a0\u00bb][et_pb_column type=\u00a0\u00bb1_2&Prime; _builder_version=\u00a0\u00bb4.27.4&Prime; _module_preset=\u00a0\u00bbdefault\u00a0\u00bb global_colors_info=\u00a0\u00bb{}\u00a0\u00bb][et_pb_text admin_label=\u00a0\u00bbTexte\u00a0\u00bb _builder_version=\u00a0\u00bb4.27.4&Prime; _module_preset=\u00a0\u00bbdefault\u00a0\u00bb global_colors_info=\u00a0\u00bb{}\u00a0\u00bb]<\/p>\n<h2 data-start=\"1031\" data-end=\"1064\"><strong data-start=\"1034\" data-end=\"1062\">Pourquoi choisir l\u2019ISV ?<\/strong><\/h2>\n<p data-start=\"1066\" data-end=\"1562\">\u2705 <strong data-start=\"1068\" data-end=\"1103\">L\u2019alternance sur tout le cursus<\/strong> : Apprenez en entreprise et d\u00e9veloppez des comp\u00e9tences concr\u00e8tes.<br data-start=\"1169\" data-end=\"1172\" \/>\u2705 <strong data-start=\"1174\" data-end=\"1203\">Une sp\u00e9cialisation unique<\/strong> : Des programmes con\u00e7us par et pour les professionnels du secteur.<br \/>\u2705 <strong data-start=\"1369\" data-end=\"1404\">Un accompagnement individualis\u00e9<\/strong> : Coaching individualis\u00e9 et acc\u00e8s aux meilleures opportunit\u00e9s.<\/p>\n<p>[\/et_pb_text][et_pb_button button_url=\u00a0\u00bbhttps:\/\/www.isvin.fr\/mon-compte\/creation-de-compte\/\u00a0\u00bb button_text=\u00a0\u00bbJe candidate !\u00a0\u00bb _builder_version=\u00a0\u00bb4.27.4&Prime; _module_preset=\u00a0\u00bbdefault\u00a0\u00bb global_colors_info=\u00a0\u00bb{}\u00a0\u00bb][\/et_pb_button][\/et_pb_column][et_pb_column type=\u00a0\u00bb1_2&Prime; _builder_version=\u00a0\u00bb4.27.4&Prime; _module_preset=\u00a0\u00bbdefault\u00a0\u00bb global_colors_info=\u00a0\u00bb{}\u00a0\u00bb][et_pb_testimonial author=\u00a0\u00bbXavier\u00a0\u00bb job_title=\u00a0\u00bbD\u00e9cembre 2024&Prime; _builder_version=\u00a0\u00bb4.27.4&Prime; _module_preset=\u00a0\u00bbdefault\u00a0\u00bb global_colors_info=\u00a0\u00bb{}\u00a0\u00bb]<\/p>\n<p data-start=\"1066\" data-end=\"1562\"><strong>Ayant eu la chance de vivre l&rsquo;exp\u00e9rience ISV, je ne peux que recommander cette \u00e9cole ! J&rsquo;y ai r\u00e9alis\u00e9 \u00e0 la fois mon Bachelor et mon Master, et je suis pleinement satisfait de mon parcours ici. L&rsquo;\u00e9quipe p\u00e9dagogique est exceptionnelle, tout comme le corps enseignant.<\/strong><\/p>\n<p><strong>Un grand merci pour tout !!\u00a0<\/strong><\/p>\n<p>[\/et_pb_testimonial][et_pb_button button_url=\u00a0\u00bbhttps:\/\/www.isvin.fr\/lecole\/temoignages\/\u00a0\u00bb url_new_window=\u00a0\u00bbon\u00a0\u00bb button_text=\u00a0\u00bbEn voir +\u00a0\u00bb button_alignment=\u00a0\u00bbright\u00a0\u00bb _builder_version=\u00a0\u00bb4.27.4&Prime; _module_preset=\u00a0\u00bbdefault\u00a0\u00bb custom_button=\u00a0\u00bbon\u00a0\u00bb button_text_size=\u00a0\u00bb17px\u00a0\u00bb global_colors_info=\u00a0\u00bb{}\u00a0\u00bb][\/et_pb_button][\/et_pb_column][\/et_pb_row][\/et_pb_section][et_pb_section fb_built=\u00a0\u00bb1&Prime; _builder_version=\u00a0\u00bb4.27.4&Prime; _module_preset=\u00a0\u00bbdefault\u00a0\u00bb custom_margin=\u00a0\u00bb0px||0px||false|false\u00a0\u00bb custom_padding=\u00a0\u00bb0px||0px||false|false\u00a0\u00bb global_colors_info=\u00a0\u00bb{}\u00a0\u00bb][et_pb_row _builder_version=\u00a0\u00bb4.27.4&Prime; _module_preset=\u00a0\u00bbdefault\u00a0\u00bb custom_margin=\u00a0\u00bb0px||0px||false|false\u00a0\u00bb custom_padding=\u00a0\u00bb0px||0px||false|false\u00a0\u00bb global_colors_info=\u00a0\u00bb{}\u00a0\u00bb][et_pb_column type=\u00a0\u00bb4_4&Prime; _builder_version=\u00a0\u00bb4.27.4&Prime; _module_preset=\u00a0\u00bbdefault\u00a0\u00bb global_colors_info=\u00a0\u00bb{}\u00a0\u00bb][et_pb_text _builder_version=\u00a0\u00bb4.27.4&Prime; _module_preset=\u00a0\u00bbdefault\u00a0\u00bb global_colors_info=\u00a0\u00bb{}\u00a0\u00bb]<\/p>\n<h3>Nos derni\u00e8res actualit\u00e9s<\/h3>\n<p>[\/et_pb_text][et_pb_blog fullwidth=\u00a0\u00bboff\u00a0\u00bb posts_number=\u00a0\u00bb3&Prime; include_categories=\u00a0\u00bb8&Prime; excerpt_length=\u00a0\u00bb50&Prime; show_more=\u00a0\u00bbon\u00a0\u00bb show_author=\u00a0\u00bboff\u00a0\u00bb show_categories=\u00a0\u00bboff\u00a0\u00bb _builder_version=\u00a0\u00bb4.27.4&Prime; _module_preset=\u00a0\u00bbdefault\u00a0\u00bb custom_margin=\u00a0\u00bb0px||0px||false|false\u00a0\u00bb global_colors_info=\u00a0\u00bb{}\u00a0\u00bb][\/et_pb_blog][\/et_pb_column][\/et_pb_row][\/et_pb_section][et_pb_section fb_built=\u00a0\u00bb1&Prime; _builder_version=\u00a0\u00bb4.27.4&Prime; _module_preset=\u00a0\u00bbdefault\u00a0\u00bb background_enable_image=\u00a0\u00bboff\u00a0\u00bb custom_margin=\u00a0\u00bb0px||0px||false|false\u00a0\u00bb custom_padding=\u00a0\u00bb0px||0px||false|false\u00a0\u00bb global_colors_info=\u00a0\u00bb{}\u00a0\u00bb][et_pb_row column_structure=\u00a0\u00bb1_5,1_5,3_5&Prime; _builder_version=\u00a0\u00bb4.27.4&Prime; _module_preset=\u00a0\u00bbdefault\u00a0\u00bb global_colors_info=\u00a0\u00bb{}\u00a0\u00bb][et_pb_column type=\u00a0\u00bb1_5&Prime; _builder_version=\u00a0\u00bb4.27.4&Prime; _module_preset=\u00a0\u00bbdefault\u00a0\u00bb global_colors_info=\u00a0\u00bb{}\u00a0\u00bb][et_pb_image src=\u00a0\u00bbhttps:\/\/www.isvin.fr\/wp-content\/uploads\/2025\/03\/1-2.png\u00a0\u00bb title_text=\u00a0\u00bb1&Prime; _builder_version=\u00a0\u00bb4.27.4&Prime; _module_preset=\u00a0\u00bbdefault\u00a0\u00bb global_colors_info=\u00a0\u00bb{}\u00a0\u00bb][\/et_pb_image][\/et_pb_column][et_pb_column type=\u00a0\u00bb1_5&Prime; _builder_version=\u00a0\u00bb4.27.4&Prime; _module_preset=\u00a0\u00bbdefault\u00a0\u00bb global_colors_info=\u00a0\u00bb{}\u00a0\u00bb][et_pb_image src=\u00a0\u00bbhttps:\/\/www.isvin.fr\/wp-content\/uploads\/2025\/03\/2-2.png\u00a0\u00bb title_text=\u00a0\u00bb2&Prime; _builder_version=\u00a0\u00bb4.27.4&Prime; _module_preset=\u00a0\u00bbdefault\u00a0\u00bb global_colors_info=\u00a0\u00bb{}\u00a0\u00bb][\/et_pb_image][\/et_pb_column][et_pb_column type=\u00a0\u00bb3_5&Prime; _builder_version=\u00a0\u00bb4.27.4&Prime; _module_preset=\u00a0\u00bbdefault\u00a0\u00bb global_colors_info=\u00a0\u00bb{}\u00a0\u00bb][et_pb_text _builder_version=\u00a0\u00bb4.27.4&Prime; _module_preset=\u00a0\u00bbdefault\u00a0\u00bb global_colors_info=\u00a0\u00bb{}\u00a0\u00bb]<\/p>\n<p><a href=\"https:\/\/www.francecompetences.fr\/recherche\/rncp\/36392\/\">Titre certifi\u00e9 RNCP 36392 Responsable Export des vins et spiritueux<\/a><\/p>\n<p><a href=\"https:\/\/www.francecompetences.fr\/recherche\/rncp\/40600\/\">Titre certifi\u00e9 RNCP 40600 Chef de projets marketing et commerce des vins et spiritueux<\/a><\/p>\n<p style=\"text-align: left;\"><a href=\"https:\/\/drive.google.com\/file\/d\/1B9b26TbzxiO4z5-YntuY15PKkGBsUXwG\/view?usp=sharing\">Voir le certificat Qualiopi\u00a0<\/a><\/p>\n<p>[\/et_pb_text][\/et_pb_column][\/et_pb_row][\/et_pb_section]<\/p>\n","protected":false},"excerpt":{"rendered":"<p>[et_pb_section fb_built=\u00a0\u00bb1&Prime; _builder_version=\u00a0\u00bb4.27.4&Prime; _module_preset=\u00a0\u00bbdefault\u00a0\u00bb background_image=\u00a0\u00bbhttps:\/\/www.isvin.fr\/wp-content\/uploads\/2025\/11\/Design-sans-titre-4.png\u00a0\u00bb custom_margin=\u00a0\u00bb||0px||false|false\u00a0\u00bb custom_padding=\u00a0\u00bb||0px||false|false\u00a0\u00bb global_colors_info=\u00a0\u00bb{}\u00a0\u00bb][et_pb_row admin_label=\u00a0\u00bbLigne\u00a0\u00bb _builder_version=\u00a0\u00bb4.27.4&Prime; _module_preset=\u00a0\u00bbdefault\u00a0\u00bb background_color=\u00a0\u00bb#FFFFFF\u00a0\u00bb custom_margin=\u00a0\u00bb||0px||false|false\u00a0\u00bb custom_padding=\u00a0\u00bb0px|0px|10px|0px|false|false\u00a0\u00bb global_colors_info=\u00a0\u00bb{}\u00a0\u00bb][et_pb_column type=\u00a0\u00bb4_4&Prime; _builder_version=\u00a0\u00bb4.27.4&Prime; _module_preset=\u00a0\u00bbdefault\u00a0\u00bb global_colors_info=\u00a0\u00bb{}\u00a0\u00bb][et_pb_text admin_label=\u00a0\u00bbTexte\u00a0\u00bb _builder_version=\u00a0\u00bb4.27.4&Prime; _module_preset=\u00a0\u00bbdefault\u00a0\u00bb background_color=\u00a0\u00bb#FFFFFF\u00a0\u00bb text_orientation=\u00a0\u00bbjustified\u00a0\u00bb custom_margin=\u00a0\u00bb|||5px|false|false\u00a0\u00bb custom_padding=\u00a0\u00bb15px|15px|15px|15px|false|false\u00a0\u00bb global_colors_info=\u00a0\u00bb{}\u00a0\u00bb] L&rsquo;\u00e9cole de commerce sp\u00e9cialis\u00e9e vins et spiritueux L\u2019Institut Sup\u00e9rieur du Vin (ISV) est l\u2019\u00e9cole de commerce sp\u00e9cialis\u00e9e dans les vins et spiritueux \u00e0 Montpellier. Nos formations certifi\u00e9es, 100 [&hellip;]<\/p>\n","protected":false},"author":1,"featured_media":0,"parent":0,"menu_order":0,"comment_status":"closed","ping_status":"closed","template":"","meta":{"_acf_changed":false,"_seopress_robots_primary_cat":"","_seopress_titles_title":"\u00c9cole de commerce vins et spiritueux | Institut Sup\u00e9rieur du Vin","_seopress_titles_desc":"\u00c9cole de commerce sp\u00e9cialis\u00e9e vins et spiritueux. Formations certifi\u00e9es en alternance, classes r\u00e9duites et accompagnement personnalis\u00e9","_seopress_robots_index":"","footnotes":""},"class_list":["post-71","page","type-page","status-publish","hentry"],"acf":[],"_links":{"self":[{"href":"https:\/\/www.isvin.fr\/en\/wp-json\/wp\/v2\/pages\/71","targetHints":{"allow":["GET"]}}],"collection":[{"href":"https:\/\/www.isvin.fr\/en\/wp-json\/wp\/v2\/pages"}],"about":[{"href":"https:\/\/www.isvin.fr\/en\/wp-json\/wp\/v2\/types\/page"}],"author":[{"embeddable":true,"href":"https:\/\/www.isvin.fr\/en\/wp-json\/wp\/v2\/users\/1"}],"replies":[{"embeddable":true,"href":"https:\/\/www.isvin.fr\/en\/wp-json\/wp\/v2\/comments?post=71"}],"version-history":[{"count":9,"href":"https:\/\/www.isvin.fr\/en\/wp-json\/wp\/v2\/pages\/71\/revisions"}],"predecessor-version":[{"id":41845,"href":"https:\/\/www.isvin.fr\/en\/wp-json\/wp\/v2\/pages\/71\/revisions\/41845"}],"wp:attachment":[{"href":"https:\/\/www.isvin.fr\/en\/wp-json\/wp\/v2\/media?parent=71"}],"curies":[{"name":"wp","href":"https:\/\/api.w.org\/{rel}","templated":true}]}}